{"id":5865,"date":"2020-01-09T00:33:34","date_gmt":"2020-01-08T23:33:34","guid":{"rendered":"https:\/\/hausafrika.de\/aktuelles\/?page_id=5865"},"modified":"2023-03-04T23:14:06","modified_gmt":"2023-03-04T22:14:06","slug":"unser-home","status":"publish","type":"page","link":"https:\/\/hausafrika.de\/aktuelles\/","title":{"rendered":"Unser Home"},"content":{"rendered":"[vc_row type=&#8220;full_width_content&#8220; full_screen_row_position=&#8220;middle&#8220; scene_position=&#8220;center&#8220; text_color=&#8220;dark&#8220; text_align=&#8220;left&#8220; overlay_strength=&#8220;0.3&#8243; shape_divider_position=&#8220;bottom&#8220; bg_image_animation=&#8220;none&#8220; shape_type=&#8220;&#8220;][vc_column column_padding=&#8220;no-extra-padding&#8220; column_padding_position=&#8220;all&#8220; background_color_opacity=&#8220;1&#8243; background_hover_color_opacity=&#8220;1&#8243; column_link_target=&#8220;_self&#8220; column_shadow=&#8220;none&#8220; column_border_radius=&#8220;none&#8220; width=&#8220;1\/1&#8243; tablet_width_inherit=&#8220;default&#8220; tablet_text_alignment=&#8220;default&#8220; phone_text_alignment=&#8220;default&#8220; column_border_width=&#8220;none&#8220; column_border_style=&#8220;solid&#8220; bg_image_animation=&#8220;none&#8220;]    \r\n    <div id=\"rps_69f2f6422abd3\" class=\"nectar-recent-posts-single_featured multiple_featured parallax_section\" data-button-color=\"accent-color\" data-nav-location=\"side\" data-bg-overlay=\"solid_color\" data-padding=\"20%\" data-autorotate=\"none\" data-height=\"600\" data-animate-in-effect=\"zoom-out\" data-remove-post-date=\"\" data-remove-post-author=\"\" data-remove-post-comment-number=\"\" data-remove-post-nectar-love=\"\"> \r\n         \r\n        <div class=\"nectar-recent-post-slide no-bg-img active post-ref-0\">\r\n \r\n          <div class=\"row-bg using-image\" data-parallax-speed=\"fast\"><div class=\"nectar-recent-post-bg\" style=\"  background-image: url();\" > <\/div><\/div>\r\n \r\n          <div class=\"recent-post-container container\"><div class=\"inner-wrap\"><div class=\"grav-wrap\"><a href=\"https:\/\/hausafrika.de\/aktuelles\/author\/lamineconte\/\"><img alt='Lamine Cont\u00e9' src='https:\/\/secure.gravatar.com\/avatar\/b4bd1653c329b965a7458509dea8c75a335fabba89fd6cfbc9e049940ee52e52?s=70&#038;d=mm&#038;r=g' srcset='https:\/\/secure.gravatar.com\/avatar\/b4bd1653c329b965a7458509dea8c75a335fabba89fd6cfbc9e049940ee52e52?s=140&#038;d=mm&#038;r=g 2x' class='avatar avatar-70 photo' height='70' width='70' \/><\/a><div class=\"text\"><span>By <a href=\"https:\/\/hausafrika.de\/aktuelles\/author\/lamineconte\/\" rel=\"author\">Lamine Cont\u00e9<\/a><\/span><span> In<\/span> <a class=\"allgemein\" href=\"https:\/\/hausafrika.de\/aktuelles\/category\/allgemein\/\"><span class=\"allgemein\">Allgemein<\/span><\/a><\/div><\/div>          \r\n            <h2 class=\"post-ref-1\"><a href=\"https:\/\/hausafrika.de\/aktuelles\/2026\/04\/06\/programm-osterferien-2026-ferienfreizeit-fuer-kinder-und-jugendliche-interkulturell-gestalten\/\" class=\"full-slide-link\"> Programm Osterferien 2026: Ferienfreizeit f\u00fcr Kinder und Jugendliche interkulturell gestalten! <\/a><\/h2>\r\n            \r\n                        <a class=\"nectar-button large regular accent-color regular-button has-icon\" href=\"https:\/\/hausafrika.de\/aktuelles\/2026\/04\/06\/programm-osterferien-2026-ferienfreizeit-fuer-kinder-und-jugendliche-interkulturell-gestalten\/\" data-color-override=\"false\" data-hover-color-override=\"false\" data-hover-text-color-override=\"#fff\" ><span>Read Article <\/span><i class=\"icon-button-arrow\"><\/i><\/a>\r\n            \r\n          \r\n          <\/div><\/div><\/div>\r\n \r\n         \r\n     \r\n         \r\n        <div class=\"nectar-recent-post-slide   post-ref-2\">\r\n \r\n          <div class=\"row-bg using-image\" data-parallax-speed=\"fast\"><div class=\"nectar-recent-post-bg\" style=\"  background-image: url(https:\/\/hausafrika.de\/aktuelles\/wp-content\/uploads\/sites\/2\/2026\/03\/photo_2026-03-14_20-41-12.jpg);\" > <\/div><\/div>\r\n \r\n          <div class=\"recent-post-container container\"><div class=\"inner-wrap\"><div class=\"grav-wrap\"><a href=\"https:\/\/hausafrika.de\/aktuelles\/author\/lamineconte\/\"><img alt='Lamine Cont\u00e9' src='https:\/\/secure.gravatar.com\/avatar\/b4bd1653c329b965a7458509dea8c75a335fabba89fd6cfbc9e049940ee52e52?s=70&#038;d=mm&#038;r=g' srcset='https:\/\/secure.gravatar.com\/avatar\/b4bd1653c329b965a7458509dea8c75a335fabba89fd6cfbc9e049940ee52e52?s=140&#038;d=mm&#038;r=g 2x' class='avatar avatar-70 photo' height='70' width='70' \/><\/a><div class=\"text\"><span>By <a href=\"https:\/\/hausafrika.de\/aktuelles\/author\/lamineconte\/\" rel=\"author\">Lamine Cont\u00e9<\/a><\/span><span> In<\/span> <a class=\"allgemein\" href=\"https:\/\/hausafrika.de\/aktuelles\/category\/allgemein\/\"><span class=\"allgemein\">Allgemein<\/span><\/a><\/div><\/div>          \r\n            <h2 class=\"post-ref-1\"><a href=\"https:\/\/hausafrika.de\/aktuelles\/2026\/03\/14\/fastenbrechen-im-haus-afrika-voelklingen\/\" class=\"full-slide-link\"> Fastenbrechen im Haus Afrika V\u00f6lklingen <\/a><\/h2>\r\n            \r\n                        <a class=\"nectar-button large regular accent-color regular-button has-icon\" href=\"https:\/\/hausafrika.de\/aktuelles\/2026\/03\/14\/fastenbrechen-im-haus-afrika-voelklingen\/\" data-color-override=\"false\" data-hover-color-override=\"false\" data-hover-text-color-override=\"#fff\" ><span>Read Article <\/span><i class=\"icon-button-arrow\"><\/i><\/a>\r\n            \r\n          \r\n          <\/div><\/div><\/div>\r\n \r\n         \r\n     \r\n         \r\n        <div class=\"nectar-recent-post-slide   post-ref-2\">\r\n \r\n          <div class=\"row-bg using-image\" data-parallax-speed=\"fast\"><div class=\"nectar-recent-post-bg\" style=\"  background-image: url(https:\/\/hausafrika.de\/aktuelles\/wp-content\/uploads\/sites\/2\/2026\/03\/photo_2026-03-14_20-38-13.jpg);\" > <\/div><\/div>\r\n \r\n          <div class=\"recent-post-container container\"><div class=\"inner-wrap\"><div class=\"grav-wrap\"><a href=\"https:\/\/hausafrika.de\/aktuelles\/author\/lamineconte\/\"><img alt='Lamine Cont\u00e9' src='https:\/\/secure.gravatar.com\/avatar\/b4bd1653c329b965a7458509dea8c75a335fabba89fd6cfbc9e049940ee52e52?s=70&#038;d=mm&#038;r=g' srcset='https:\/\/secure.gravatar.com\/avatar\/b4bd1653c329b965a7458509dea8c75a335fabba89fd6cfbc9e049940ee52e52?s=140&#038;d=mm&#038;r=g 2x' class='avatar avatar-70 photo' height='70' width='70' \/><\/a><div class=\"text\"><span>By <a href=\"https:\/\/hausafrika.de\/aktuelles\/author\/lamineconte\/\" rel=\"author\">Lamine Cont\u00e9<\/a><\/span><span> In<\/span> <a class=\"workshop\" href=\"https:\/\/hausafrika.de\/aktuelles\/category\/workshop\/\"><span class=\"workshop\">Workshop<\/span><\/a><\/div><\/div>          \r\n            <h2 class=\"post-ref-1\"><a href=\"https:\/\/hausafrika.de\/aktuelles\/2026\/03\/14\/workshop-zum-thema-fairer-handel\/\" class=\"full-slide-link\"> Workshop zum Thema fairer Handel <\/a><\/h2>\r\n            \r\n                        <a class=\"nectar-button large regular accent-color regular-button has-icon\" href=\"https:\/\/hausafrika.de\/aktuelles\/2026\/03\/14\/workshop-zum-thema-fairer-handel\/\" data-color-override=\"false\" data-hover-color-override=\"false\" data-hover-text-color-override=\"#fff\" ><span>Read Article <\/span><i class=\"icon-button-arrow\"><\/i><\/a>\r\n            \r\n          \r\n          <\/div><\/div><\/div>\r\n \r\n         \r\n    <\/div>[\/vc_column][\/vc_row][vc_row type=&#8220;in_container&#8220; full_screen_row_position=&#8220;middle&#8220; scene_position=&#8220;center&#8220; text_color=&#8220;dark&#8220; text_align=&#8220;left&#8220; overlay_strength=&#8220;0.3&#8243; shape_divider_position=&#8220;bottom&#8220; bg_image_animation=&#8220;none&#8220;][vc_column centered_text=&#8220;true&#8220; column_padding=&#8220;no-extra-padding&#8220; column_padding_position=&#8220;all&#8220; background_color_opacity=&#8220;1&#8243; background_hover_color_opacity=&#8220;1&#8243; column_link_target=&#8220;_self&#8220; column_shadow=&#8220;none&#8220; column_border_radius=&#8220;none&#8220; top_margin=&#8220;-5%&#8220; width=&#8220;1\/1&#8243; tablet_width_inherit=&#8220;default&#8220; tablet_text_alignment=&#8220;default&#8220; phone_text_alignment=&#8220;default&#8220; column_border_width=&#8220;none&#8220; column_border_style=&#8220;solid&#8220; bg_image_animation=&#8220;none&#8220;]\t\r\n\t<div class=\"row\">\r\n\t\r\n\t <div class=\"post-area col  span_12 col_last masonry material  \" data-ams=\"\" data-remove-post-date=\"\" data-remove-post-author=\"1\" data-remove-post-comment-number=\"1\" data-remove-post-nectar-love=\"1\"> <div class=\"posts-container\" data-load-animation=\"perspective\">\t\t\t\t\r\n\t\t\t\t\n<article id=\"post-6150\" class=\"regular masonry-blog-item post-6150 post type-post status-publish format-standard category-allgemein\">\n\n\t<div class=\"inner-wrap animated\">\n\n\t\t<div class=\"post-content\">\n\t\t\t\n\t\t\t\n\t\t\t\t<div class=\"content-inner\">\n\t\t\t\t\t\n\t\t\t\t\t\t\t\t\t\t\t\t\t\t   <a class=\"entire-meta-link\" href=\"https:\/\/hausafrika.de\/aktuelles\/2026\/04\/06\/programm-osterferien-2026-ferienfreizeit-fuer-kinder-und-jugendliche-interkulturell-gestalten\/\"><\/a>\n\t\t\t\t\t\t\t\t\t  \t\t\t\t\t\n\t\t\t\t\t\t\t\t\t\t\t\n\t\t\t\t\t\t\n\t\t\t\t\t\t\t\n\t\t\t\t\t\t<span class=\"meta-category\"><a class=\"allgemein\" href=\"https:\/\/hausafrika.de\/aktuelles\/category\/allgemein\/\">Allgemein<\/a><\/span>\n\t\t\t\t\t\t<div class=\"article-content-wrap\">\n\t\t\t\t\t\t\t\n\t\t\t\t\t\t\t\t\t\t\t\t\t\t\t\t\t\t\n\t\t\t\t\t\t\t<div class=\"post-header\">\n\t\t\t\t\t\t\t\t\t\t\t\t\t\t\t\t\t\n\t\t\t\t\t\t\t\t<h3 class=\"title\">\n\t\t\t\t\t\t\t\t\t \n\t\t\t\t\t\t\t\t\t\t<a href=\"https:\/\/hausafrika.de\/aktuelles\/2026\/04\/06\/programm-osterferien-2026-ferienfreizeit-fuer-kinder-und-jugendliche-interkulturell-gestalten\/\">\t\t\t\t\t\t\t\t\t\t\tProgramm Osterferien 2026: Ferienfreizeit f\u00fcr Kinder und Jugendliche interkulturell gestalten!\t\t\t\t\t\t\t\t\t\t  \t\t\t\t\t\t\t\t<\/a> \n\t\t\t\t\t\t\t\t\t\t\t\t\t\t\t\t\t<\/h3>\n\n\t\t\t\t\t\t\t\t\t\t\t\t\t\t\t<\/div><!--\/post-header-->\n\t\t\t\t\t\t<div class=\"excerpt\"><\/div><div class=\"grav-wrap\"><a href=\"https:\/\/hausafrika.de\/aktuelles\/author\/lamineconte\/\"><img alt='Lamine Cont\u00e9' src='https:\/\/secure.gravatar.com\/avatar\/b4bd1653c329b965a7458509dea8c75a335fabba89fd6cfbc9e049940ee52e52?s=70&#038;d=mm&#038;r=g' srcset='https:\/\/secure.gravatar.com\/avatar\/b4bd1653c329b965a7458509dea8c75a335fabba89fd6cfbc9e049940ee52e52?s=140&#038;d=mm&#038;r=g 2x' class='avatar avatar-70 photo' height='70' width='70' \/><\/a><div class=\"text\"><a href=\"https:\/\/hausafrika.de\/aktuelles\/author\/lamineconte\/\" rel=\"author\">Lamine Cont\u00e9<\/a><span>6. April 2026<\/span><\/div><\/div>\t\t\t\t\t\t\t\n\t\t\t\t\t\t<\/div><!--article-content-wrap-->\n\n\t\t\t\t\t\t\t\t\t\t\t\n\t\t\t\t<\/div><!--\/content-inner-->\n\n\t\t\t\t\t\t\n\t\t<\/div><!--\/post-content-->\n\n\t<\/div><!--\/inner-wrap-->\n\t\t\n<\/article><!--\/article-->\n\t\t\t\t\r\n\t\t\t\t\n<article id=\"post-6145\" class=\"regular masonry-blog-item post-6145 post type-post status-publish format-standard has-post-thumbnail category-allgemein\">\n\n\t<div class=\"inner-wrap animated\">\n\n\t\t<div class=\"post-content\">\n\t\t\t\n\t\t\t\n\t\t\t\t<div class=\"content-inner\">\n\t\t\t\t\t\n\t\t\t\t\t\t\t\t\t\t\t\t\t\t   <a class=\"entire-meta-link\" href=\"https:\/\/hausafrika.de\/aktuelles\/2026\/03\/14\/fastenbrechen-im-haus-afrika-voelklingen\/\"><\/a>\n\t\t\t\t\t\t\t\t\t  <a href=\"https:\/\/hausafrika.de\/aktuelles\/2026\/03\/14\/fastenbrechen-im-haus-afrika-voelklingen\/\"><span class=\"post-featured-img\"><img loading=\"lazy\" decoding=\"async\" width=\"1024\" height=\"654\" src=\"https:\/\/hausafrika.de\/aktuelles\/wp-content\/uploads\/sites\/2\/2026\/03\/photo_2026-03-14_20-41-12-1024x654.jpg\" class=\"attachment-large size-large skip-lazy wp-post-image\" alt=\"\" title=\"\" srcset=\"https:\/\/hausafrika.de\/aktuelles\/wp-content\/uploads\/sites\/2\/2026\/03\/photo_2026-03-14_20-41-12-1024x654.jpg 1024w, https:\/\/hausafrika.de\/aktuelles\/wp-content\/uploads\/sites\/2\/2026\/03\/photo_2026-03-14_20-41-12-300x192.jpg 300w, https:\/\/hausafrika.de\/aktuelles\/wp-content\/uploads\/sites\/2\/2026\/03\/photo_2026-03-14_20-41-12-768x490.jpg 768w, https:\/\/hausafrika.de\/aktuelles\/wp-content\/uploads\/sites\/2\/2026\/03\/photo_2026-03-14_20-41-12.jpg 1200w\" sizes=\"auto, (max-width: 1024px) 100vw, 1024px\" \/><\/span><\/a>\t\t\t\t\t\n\t\t\t\t\t\t\t\t\t\t\t\n\t\t\t\t\t\t\n\t\t\t\t\t\t\t\n\t\t\t\t\t\t<span class=\"meta-category\"><a class=\"allgemein\" href=\"https:\/\/hausafrika.de\/aktuelles\/category\/allgemein\/\">Allgemein<\/a><\/span>\n\t\t\t\t\t\t<div class=\"article-content-wrap\">\n\t\t\t\t\t\t\t\n\t\t\t\t\t\t\t\t\t\t\t\t\t\t\t\t\t\t\n\t\t\t\t\t\t\t<div class=\"post-header\">\n\t\t\t\t\t\t\t\t\t\t\t\t\t\t\t\t\t\n\t\t\t\t\t\t\t\t<h3 class=\"title\">\n\t\t\t\t\t\t\t\t\t \n\t\t\t\t\t\t\t\t\t\t<a href=\"https:\/\/hausafrika.de\/aktuelles\/2026\/03\/14\/fastenbrechen-im-haus-afrika-voelklingen\/\">\t\t\t\t\t\t\t\t\t\t\tFastenbrechen im Haus Afrika V\u00f6lklingen\t\t\t\t\t\t\t\t\t\t  \t\t\t\t\t\t\t\t<\/a> \n\t\t\t\t\t\t\t\t\t\t\t\t\t\t\t\t\t<\/h3>\n\n\t\t\t\t\t\t\t\t\t\t\t\t\t\t\t<\/div><!--\/post-header-->\n\t\t\t\t\t\t<div class=\"excerpt\">Fastenbrechen im Haus Afrika V\u00f6lklingen, 14.03.2026, unter dem Motto \"G\u00fcr&hellip;<\/div><div class=\"grav-wrap\"><a href=\"https:\/\/hausafrika.de\/aktuelles\/author\/lamineconte\/\"><img alt='Lamine Cont\u00e9' src='https:\/\/secure.gravatar.com\/avatar\/b4bd1653c329b965a7458509dea8c75a335fabba89fd6cfbc9e049940ee52e52?s=70&#038;d=mm&#038;r=g' srcset='https:\/\/secure.gravatar.com\/avatar\/b4bd1653c329b965a7458509dea8c75a335fabba89fd6cfbc9e049940ee52e52?s=140&#038;d=mm&#038;r=g 2x' class='avatar avatar-70 photo' height='70' width='70' \/><\/a><div class=\"text\"><a href=\"https:\/\/hausafrika.de\/aktuelles\/author\/lamineconte\/\" rel=\"author\">Lamine Cont\u00e9<\/a><span>14. M\u00e4rz 2026<\/span><\/div><\/div>\t\t\t\t\t\t\t\n\t\t\t\t\t\t<\/div><!--article-content-wrap-->\n\n\t\t\t\t\t\t\t\t\t\t\t\n\t\t\t\t<\/div><!--\/content-inner-->\n\n\t\t\t\t\t\t\n\t\t<\/div><!--\/post-content-->\n\n\t<\/div><!--\/inner-wrap-->\n\t\t\n<\/article><!--\/article-->\n\t\t\t\t\r\n\t\t\t\t\n<article id=\"post-6142\" class=\"regular masonry-blog-item post-6142 post type-post status-publish format-standard has-post-thumbnail category-workshop\">\n\n\t<div class=\"inner-wrap animated\">\n\n\t\t<div class=\"post-content\">\n\t\t\t\n\t\t\t\n\t\t\t\t<div class=\"content-inner\">\n\t\t\t\t\t\n\t\t\t\t\t\t\t\t\t\t\t\t\t\t   <a class=\"entire-meta-link\" href=\"https:\/\/hausafrika.de\/aktuelles\/2026\/03\/14\/workshop-zum-thema-fairer-handel\/\"><\/a>\n\t\t\t\t\t\t\t\t\t  <a href=\"https:\/\/hausafrika.de\/aktuelles\/2026\/03\/14\/workshop-zum-thema-fairer-handel\/\"><span class=\"post-featured-img\"><img loading=\"lazy\" decoding=\"async\" width=\"1024\" height=\"734\" src=\"https:\/\/hausafrika.de\/aktuelles\/wp-content\/uploads\/sites\/2\/2026\/03\/photo_2026-03-14_20-38-13-1024x734.jpg\" class=\"attachment-large size-large skip-lazy wp-post-image\" alt=\"\" title=\"\" srcset=\"https:\/\/hausafrika.de\/aktuelles\/wp-content\/uploads\/sites\/2\/2026\/03\/photo_2026-03-14_20-38-13-1024x734.jpg 1024w, https:\/\/hausafrika.de\/aktuelles\/wp-content\/uploads\/sites\/2\/2026\/03\/photo_2026-03-14_20-38-13-300x215.jpg 300w, https:\/\/hausafrika.de\/aktuelles\/wp-content\/uploads\/sites\/2\/2026\/03\/photo_2026-03-14_20-38-13-768x551.jpg 768w, https:\/\/hausafrika.de\/aktuelles\/wp-content\/uploads\/sites\/2\/2026\/03\/photo_2026-03-14_20-38-13.jpg 1280w\" sizes=\"auto, (max-width: 1024px) 100vw, 1024px\" \/><\/span><\/a>\t\t\t\t\t\n\t\t\t\t\t\t\t\t\t\t\t\n\t\t\t\t\t\t\n\t\t\t\t\t\t\t\n\t\t\t\t\t\t<span class=\"meta-category\"><a class=\"workshop\" href=\"https:\/\/hausafrika.de\/aktuelles\/category\/workshop\/\">Workshop<\/a><\/span>\n\t\t\t\t\t\t<div class=\"article-content-wrap\">\n\t\t\t\t\t\t\t\n\t\t\t\t\t\t\t\t\t\t\t\t\t\t\t\t\t\t\n\t\t\t\t\t\t\t<div class=\"post-header\">\n\t\t\t\t\t\t\t\t\t\t\t\t\t\t\t\t\t\n\t\t\t\t\t\t\t\t<h3 class=\"title\">\n\t\t\t\t\t\t\t\t\t \n\t\t\t\t\t\t\t\t\t\t<a href=\"https:\/\/hausafrika.de\/aktuelles\/2026\/03\/14\/workshop-zum-thema-fairer-handel\/\">\t\t\t\t\t\t\t\t\t\t\tWorkshop zum Thema fairer Handel\t\t\t\t\t\t\t\t\t\t  \t\t\t\t\t\t\t\t<\/a> \n\t\t\t\t\t\t\t\t\t\t\t\t\t\t\t\t\t<\/h3>\n\n\t\t\t\t\t\t\t\t\t\t\t\t\t\t\t<\/div><!--\/post-header-->\n\t\t\t\t\t\t<div class=\"excerpt\">Gesch\u00e4ftsf\u00fchrer Lamine Cont\u00e9, Mitarbeiterin Sigrid Appel und Vorsitzende Edvenir Chababy&hellip;<\/div><div class=\"grav-wrap\"><a href=\"https:\/\/hausafrika.de\/aktuelles\/author\/lamineconte\/\"><img alt='Lamine Cont\u00e9' src='https:\/\/secure.gravatar.com\/avatar\/b4bd1653c329b965a7458509dea8c75a335fabba89fd6cfbc9e049940ee52e52?s=70&#038;d=mm&#038;r=g' srcset='https:\/\/secure.gravatar.com\/avatar\/b4bd1653c329b965a7458509dea8c75a335fabba89fd6cfbc9e049940ee52e52?s=140&#038;d=mm&#038;r=g 2x' class='avatar avatar-70 photo' height='70' width='70' \/><\/a><div class=\"text\"><a href=\"https:\/\/hausafrika.de\/aktuelles\/author\/lamineconte\/\" rel=\"author\">Lamine Cont\u00e9<\/a><span>14. M\u00e4rz 2026<\/span><\/div><\/div>\t\t\t\t\t\t\t\n\t\t\t\t\t\t<\/div><!--article-content-wrap-->\n\n\t\t\t\t\t\t\t\t\t\t\t\n\t\t\t\t<\/div><!--\/content-inner-->\n\n\t\t\t\t\t\t\n\t\t<\/div><!--\/post-content-->\n\n\t<\/div><!--\/inner-wrap-->\n\t\t\n<\/article><!--\/article-->\n\t\t\t\t\r\n\t\t\t\t\n<article id=\"post-6128\" class=\"regular masonry-blog-item post-6128 post type-post status-publish format-standard category-allgemein category-discussionsabend category-diskussionsabend tag-nein-zu-rassismus\">\n\n\t<div class=\"inner-wrap animated\">\n\n\t\t<div class=\"post-content\">\n\t\t\t\n\t\t\t\n\t\t\t\t<div class=\"content-inner\">\n\t\t\t\t\t\n\t\t\t\t\t\t\t\t\t\t\t\t\t\t   <a class=\"entire-meta-link\" href=\"https:\/\/hausafrika.de\/aktuelles\/2026\/02\/04\/gemeinsam-fuer-ein-respektvolles-und-friedliches-miteinander-eine-gesellschaft-ohne-rassismus\/\"><\/a>\n\t\t\t\t\t\t\t\t\t  \t\t\t\t\t\n\t\t\t\t\t\t\t\t\t\t\t\n\t\t\t\t\t\t\n\t\t\t\t\t\t\t\n\t\t\t\t\t\t<span class=\"meta-category\"><a class=\"allgemein\" href=\"https:\/\/hausafrika.de\/aktuelles\/category\/allgemein\/\">Allgemein<\/a><a class=\"discussionsabend\" href=\"https:\/\/hausafrika.de\/aktuelles\/category\/discussionsabend\/\">Discussionsabend<\/a><a class=\"diskussionsabend\" href=\"https:\/\/hausafrika.de\/aktuelles\/category\/diskussionsabend\/\">Diskussionsabend<\/a><\/span>\n\t\t\t\t\t\t<div class=\"article-content-wrap\">\n\t\t\t\t\t\t\t\n\t\t\t\t\t\t\t\t\t\t\t\t\t\t\t\t\t\t\n\t\t\t\t\t\t\t<div class=\"post-header\">\n\t\t\t\t\t\t\t\t\t\t\t\t\t\t\t\t\t\n\t\t\t\t\t\t\t\t<h3 class=\"title\">\n\t\t\t\t\t\t\t\t\t \n\t\t\t\t\t\t\t\t\t\t<a href=\"https:\/\/hausafrika.de\/aktuelles\/2026\/02\/04\/gemeinsam-fuer-ein-respektvolles-und-friedliches-miteinander-eine-gesellschaft-ohne-rassismus\/\">\t\t\t\t\t\t\t\t\t\t\tGemeinsam f\u00fcr ein respektvolles und friedliches Miteinander, eine Gesellschaft ohne Rassismus!\t\t\t\t\t\t\t\t\t\t  \t\t\t\t\t\t\t\t<\/a> \n\t\t\t\t\t\t\t\t\t\t\t\t\t\t\t\t\t<\/h3>\n\n\t\t\t\t\t\t\t\t\t\t\t\t\t\t\t<\/div><!--\/post-header-->\n\t\t\t\t\t\t<div class=\"excerpt\">\"Gemeinsam f\u00fcr ein respektvolles und friedliches Miteinander, eine Gesellschaft ohne&hellip;<\/div><div class=\"grav-wrap\"><a href=\"https:\/\/hausafrika.de\/aktuelles\/author\/lamineconte\/\"><img alt='Lamine Cont\u00e9' src='https:\/\/secure.gravatar.com\/avatar\/b4bd1653c329b965a7458509dea8c75a335fabba89fd6cfbc9e049940ee52e52?s=70&#038;d=mm&#038;r=g' srcset='https:\/\/secure.gravatar.com\/avatar\/b4bd1653c329b965a7458509dea8c75a335fabba89fd6cfbc9e049940ee52e52?s=140&#038;d=mm&#038;r=g 2x' class='avatar avatar-70 photo' height='70' width='70' \/><\/a><div class=\"text\"><a href=\"https:\/\/hausafrika.de\/aktuelles\/author\/lamineconte\/\" rel=\"author\">Lamine Cont\u00e9<\/a><span>4. Februar 2026<\/span><\/div><\/div>\t\t\t\t\t\t\t\n\t\t\t\t\t\t<\/div><!--article-content-wrap-->\n\n\t\t\t\t\t\t\t\t\t\t\t\n\t\t\t\t<\/div><!--\/content-inner-->\n\n\t\t\t\t\t\t\n\t\t<\/div><!--\/post-content-->\n\n\t<\/div><!--\/inner-wrap-->\n\t\t\n<\/article><!--\/article-->\n\t\t\t\t\r\n\t\t\t\t\n<article id=\"post-6124\" class=\"regular masonry-blog-item post-6124 post type-post status-publish format-standard category-allgemein\">\n\n\t<div class=\"inner-wrap animated\">\n\n\t\t<div class=\"post-content\">\n\t\t\t\n\t\t\t\n\t\t\t\t<div class=\"content-inner\">\n\t\t\t\t\t\n\t\t\t\t\t\t\t\t\t\t\t\t\t\t   <a class=\"entire-meta-link\" href=\"https:\/\/hausafrika.de\/aktuelles\/2026\/01\/22\/haus-afrika-bietet-professionelle-brueckenloesungen-fuer-die-kinderbetreuung\/\"><\/a>\n\t\t\t\t\t\t\t\t\t  \t\t\t\t\t\n\t\t\t\t\t\t\t\t\t\t\t\n\t\t\t\t\t\t\n\t\t\t\t\t\t\t\n\t\t\t\t\t\t<span class=\"meta-category\"><a class=\"allgemein\" href=\"https:\/\/hausafrika.de\/aktuelles\/category\/allgemein\/\">Allgemein<\/a><\/span>\n\t\t\t\t\t\t<div class=\"article-content-wrap\">\n\t\t\t\t\t\t\t\n\t\t\t\t\t\t\t\t\t\t\t\t\t\t\t\t\t\t\n\t\t\t\t\t\t\t<div class=\"post-header\">\n\t\t\t\t\t\t\t\t\t\t\t\t\t\t\t\t\t\n\t\t\t\t\t\t\t\t<h3 class=\"title\">\n\t\t\t\t\t\t\t\t\t \n\t\t\t\t\t\t\t\t\t\t<a href=\"https:\/\/hausafrika.de\/aktuelles\/2026\/01\/22\/haus-afrika-bietet-professionelle-brueckenloesungen-fuer-die-kinderbetreuung\/\">\t\t\t\t\t\t\t\t\t\t\tHaus Afrika bietet professionelle Br\u00fcckenl\u00f6sungen f\u00fcr die Kinderbetreuung\t\t\t\t\t\t\t\t\t\t  \t\t\t\t\t\t\t\t<\/a> \n\t\t\t\t\t\t\t\t\t\t\t\t\t\t\t\t\t<\/h3>\n\n\t\t\t\t\t\t\t\t\t\t\t\t\t\t\t<\/div><!--\/post-header-->\n\t\t\t\t\t\t<div class=\"excerpt\">Br\u00fcckenangebote von Haus Afrika: professionelle fr\u00fchkindliche Betreuung f\u00fcr Kinder, die&hellip;<\/div><div class=\"grav-wrap\"><a href=\"https:\/\/hausafrika.de\/aktuelles\/author\/lamineconte\/\"><img alt='Lamine Cont\u00e9' src='https:\/\/secure.gravatar.com\/avatar\/b4bd1653c329b965a7458509dea8c75a335fabba89fd6cfbc9e049940ee52e52?s=70&#038;d=mm&#038;r=g' srcset='https:\/\/secure.gravatar.com\/avatar\/b4bd1653c329b965a7458509dea8c75a335fabba89fd6cfbc9e049940ee52e52?s=140&#038;d=mm&#038;r=g 2x' class='avatar avatar-70 photo' height='70' width='70' \/><\/a><div class=\"text\"><a href=\"https:\/\/hausafrika.de\/aktuelles\/author\/lamineconte\/\" rel=\"author\">Lamine Cont\u00e9<\/a><span>22. Januar 2026<\/span><\/div><\/div>\t\t\t\t\t\t\t\n\t\t\t\t\t\t<\/div><!--article-content-wrap-->\n\n\t\t\t\t\t\t\t\t\t\t\t\n\t\t\t\t<\/div><!--\/content-inner-->\n\n\t\t\t\t\t\t\n\t\t<\/div><!--\/post-content-->\n\n\t<\/div><!--\/inner-wrap-->\n\t\t\n<\/article><!--\/article-->\n\t\t\t\t\r\n\t\t\t\t\r\n<article id=\"post-6114\" class=\"regular masonry-blog-item video post-6114 post type-post status-publish format-video has-post-thumbnail category-allgemein post_format-post-format-video\">\r\n\t\r\n\t<div class=\"inner-wrap animated\">\r\n\r\n\t\t<div class=\"post-content\">\r\n\t\t\t\r\n\t\t\t<a class=\"img-link\" href=\"https:\/\/hausafrika.de\/aktuelles\/2025\/12\/31\/haus-afrika-wuenscht-allen-ein-erfolgreiches-jahr-2026\/\"><span class=\"post-featured-img\"><span class=\"video-play-button\"><svg version=\"1.1\" xmlns=\"http:\/\/www.w3.org\/2000\/svg\" xmlns:xlink=\"http:\/\/www.w3.org\/1999\/xlink\" width=\"600px\" height=\"800px\" x=\"0px\" y=\"0px\" viewBox=\"0 0 600 800\" enable-background=\"new 0 0 600 800\" xml:space=\"preserve\"><path fill=\"none\" d=\"M0-1.79v800L600,395L0-1.79z\"><\/path> <\/svg><\/span><span class=\"wrap\"><img loading=\"lazy\" decoding=\"async\" width=\"1024\" height=\"574\" src=\"https:\/\/hausafrika.de\/aktuelles\/wp-content\/uploads\/sites\/2\/2025\/12\/1102295_4b32366d8950586059e60b8deabb2dc5.jpg\" class=\"attachment-large size-large skip-lazy wp-post-image\" alt=\"\" title=\"\" srcset=\"https:\/\/hausafrika.de\/aktuelles\/wp-content\/uploads\/sites\/2\/2025\/12\/1102295_4b32366d8950586059e60b8deabb2dc5.jpg 1024w, https:\/\/hausafrika.de\/aktuelles\/wp-content\/uploads\/sites\/2\/2025\/12\/1102295_4b32366d8950586059e60b8deabb2dc5-300x168.jpg 300w, https:\/\/hausafrika.de\/aktuelles\/wp-content\/uploads\/sites\/2\/2025\/12\/1102295_4b32366d8950586059e60b8deabb2dc5-768x431.jpg 768w\" sizes=\"auto, (max-width: 1024px) 100vw, 1024px\" \/><\/span><\/span><\/a>\t\t\t\r\n\t\t\t<div class=\"content-inner\">\r\n\t\t\t\t\t\r\n\t\t\t\t\t\t\t\t\t\t   <a class=\"entire-meta-link\" href=\"https:\/\/hausafrika.de\/aktuelles\/2025\/12\/31\/haus-afrika-wuenscht-allen-ein-erfolgreiches-jahr-2026\/\"><\/a>\r\n\t\t\t\t\t\t  <span class=\"meta-category\"><a class=\"allgemein\" href=\"https:\/\/hausafrika.de\/aktuelles\/category\/allgemein\/\">Allgemein<\/a><\/span>\r\n\t\t\t\t\t<div class=\"article-content-wrap\">\r\n\t\t\t\t\t\t\r\n\t\t\t\t\t\t\t\t\r\n\t\t\t\t\t\t<div class=\"post-header\">\r\n\t\t\t\t\t\t\t\t\t\t\t\t\t\t\t\r\n\t\t\t\t\t\t\t<h3 class=\"title\">\r\n\t\t\t\t\t\t\t\t \r\n\t\t\t\t\t\t\t\t\t<a href=\"https:\/\/hausafrika.de\/aktuelles\/2025\/12\/31\/haus-afrika-wuenscht-allen-ein-erfolgreiches-jahr-2026\/\">\t\t\t\t\t\t\t\t\t\tHaus Afrika w\u00fcnscht allen ein erfolgreiches Jahr 2026!\t\t\t\t\t\t\t\t\t  \t\t\t\t\t\t\t<\/a> \r\n\t\t\t\t\t\t\t\t\t\t\t\t\t\t\t<\/h3>\r\n\r\n\t\t\t\t\t\t\t\t\t\t\t\t\t<\/div><!--\/post-header-->\r\n\r\n\t\t\t\t\t<div class=\"excerpt\">Haus Afrika bedankt sich f\u00fcr die gute Zusammenarbeit und w\u00fcnscht&hellip;<\/div><div class=\"grav-wrap\"><a href=\"https:\/\/hausafrika.de\/aktuelles\/author\/lamineconte\/\"><img alt='Lamine Cont\u00e9' src='https:\/\/secure.gravatar.com\/avatar\/b4bd1653c329b965a7458509dea8c75a335fabba89fd6cfbc9e049940ee52e52?s=70&#038;d=mm&#038;r=g' srcset='https:\/\/secure.gravatar.com\/avatar\/b4bd1653c329b965a7458509dea8c75a335fabba89fd6cfbc9e049940ee52e52?s=140&#038;d=mm&#038;r=g 2x' class='avatar avatar-70 photo' height='70' width='70' \/><\/a><div class=\"text\"><a href=\"https:\/\/hausafrika.de\/aktuelles\/author\/lamineconte\/\" rel=\"author\">Lamine Cont\u00e9<\/a><span>31. Dezember 2025<\/span><\/div><\/div>\r\n\t\t\t\t\t<\/div><!--article-content-wrap-->\r\n\t\t\t\t\t\r\n\t\t\t\t\t\t\t\t\r\n\t\t\t<\/div><!--\/content-inner-->\r\n\r\n\t\t\t\t\t\t\r\n\t\t<\/div><!--\/post-content-->\r\n\r\n\t<\/div><!--\/inner-wrap-->\r\n\t\t\r\n<\/article><!--\/article-->\r\n\t\t\t\r\n\t\t\t<\/div><!--\/posts container-->\r\n\t\t\t\r\n\t\t\t<div id=\"pagination\" data-is-text=\"All items loaded\"><span aria-current=\"page\" class=\"page-numbers current\">1<\/span>\n<a class=\"page-numbers\" href=\"https:\/\/hausafrika.de\/aktuelles\/wp-json\/wp\/v2\/pages\/5865\/page\/2\/\">2<\/a>\n<a class=\"page-numbers\" href=\"https:\/\/hausafrika.de\/aktuelles\/wp-json\/wp\/v2\/pages\/5865\/page\/3\/\">3<\/a>\n<a class=\"page-numbers\" href=\"https:\/\/hausafrika.de\/aktuelles\/wp-json\/wp\/v2\/pages\/5865\/page\/4\/\">4<\/a>\n<a class=\"next page-numbers\" href=\"https:\/\/hausafrika.de\/aktuelles\/wp-json\/wp\/v2\/pages\/5865\/page\/2\/\">Weiter &raquo;<\/a><\/div>\t\t\r\n  <\/div><!--\/post area-->\r\n  \r\n  \t\t\r\n\t\r\n\t<\/div>\r\n\t\r\n\t[\/vc_column][\/vc_row]\n","protected":false},"excerpt":{"rendered":"<p>[vc_row type=&#8220;full_width_content&#8220; full_screen_row_position=&#8220;middle&#8220; scene_position=&#8220;center&#8220; text_color=&#8220;dark&#8220; text_align=&#8220;left&#8220; overlay_strength=&#8220;0.3&#8243; shape_divider_position=&#8220;bottom&#8220; bg_image_animation=&#8220;none&#8220; shape_type=&#8220;&#8220;][vc_column&#8230;<\/p>\n","protected":false},"author":1,"featured_media":0,"parent":0,"menu_order":0,"comment_status":"closed","ping_status":"closed","template":"","meta":{"inline_featured_image":false,"footnotes":""},"class_list":["post-5865","page","type-page","status-publish"],"_links":{"self":[{"href":"https:\/\/hausafrika.de\/aktuelles\/wp-json\/wp\/v2\/pages\/5865","targetHints":{"allow":["GET"]}}],"collection":[{"href":"https:\/\/hausafrika.de\/aktuelles\/wp-json\/wp\/v2\/pages"}],"about":[{"href":"https:\/\/hausafrika.de\/aktuelles\/wp-json\/wp\/v2\/types\/page"}],"author":[{"embeddable":true,"href":"https:\/\/hausafrika.de\/aktuelles\/wp-json\/wp\/v2\/users\/1"}],"replies":[{"embeddable":true,"href":"https:\/\/hausafrika.de\/aktuelles\/wp-json\/wp\/v2\/comments?post=5865"}],"version-history":[{"count":10,"href":"https:\/\/hausafrika.de\/aktuelles\/wp-json\/wp\/v2\/pages\/5865\/revisions"}],"predecessor-version":[{"id":5875,"href":"https:\/\/hausafrika.de\/aktuelles\/wp-json\/wp\/v2\/pages\/5865\/revisions\/5875"}],"wp:attachment":[{"href":"https:\/\/hausafrika.de\/aktuelles\/wp-json\/wp\/v2\/media?parent=5865"}],"curies":[{"name":"wp","href":"https:\/\/api.w.org\/{rel}","templated":true}]}}